{"id":10217,"date":"2023-05-05T09:57:36","date_gmt":"2023-05-05T09:57:36","guid":{"rendered":"https:\/\/coolstyle.ch\/coolstyle-sur-la-route\/"},"modified":"2026-04-28T10:15:44","modified_gmt":"2026-04-28T10:15:44","slug":"coolstyle-sur-la-route","status":"publish","type":"page","link":"https:\/\/coolstyle.ch\/fr\/coolstyle-sur-la-route\/","title":{"rendered":"Coolstyle sur la route"},"content":{"rendered":"\n<h1>March\u00e9s<\/h1>\n<div class=\"row\"  id=\"row-776724550\">\n\n\n\t<div id=\"col-900541455\" class=\"col medium-9 small-12 large-9\"  >\n\t\t\t\t<div class=\"col-inner\"  >\n\t\t\t\n\t\t\t\n\n<p>Nos prochaines dates sont d\u00e9j\u00e0 fix\u00e9es. Venez nous rendre visite aux dates suivantes.<\/p>\n\n\t\t<\/div>\n\t\t\t\t\t<\/div>\n\n\t\n\n<\/div>\n<div class=\"accordion\">\n\n\t<div id=\"accordion-1101293601\" class=\"accordion-item\">\n\t\t<a id=\"accordion-1101293601-label\" class=\"accordion-title plain\" href=\"#accordion-item-samedi-25-avril-2026---f\u00eate-coolstyle\" aria-expanded=\"false\" aria-controls=\"accordion-1101293601-content\">\n\t\t\t<button class=\"toggle\" aria-label=\"Basculer\"><i class=\"icon-angle-down\" aria-hidden=\"true\"><\/i><\/button>\n\t\t\t<span>Samedi 25 avril 2026 - F\u00eate Coolstyle<\/span>\n\t\t<\/a>\n\t\t<div id=\"accordion-1101293601-content\" class=\"accordion-inner\" aria-labelledby=\"accordion-1101293601-label\">\n\t\t\t\n\n\n  <div class=\"banner has-hover\" id=\"banner-1173198571\">\n          <div class=\"banner-inner fill\">\n        <div class=\"banner-bg fill\" >\n            <img loading=\"lazy\" decoding=\"async\" width=\"1754\" height=\"1754\" src=\"https:\/\/coolstyle.ch\/wp-content\/uploads\/2025\/11\/Flyer_148_148_V1_Seite_1.jpg\" class=\"bg attachment-original size-original\" alt=\"\" \/>                        <div class=\"overlay\"><\/div>            \n                    <\/div>\n\t\t\n        <div class=\"banner-layers container\">\n            <a class=\"fill\" href=\"https:\/\/coolstyle.ch\/fr\/event\/fete-coolstyle-save-the-date\/\" target=\"_blank\" rel=\"noopener\"><div class=\"fill banner-link\"><\/div><\/a>            \n\n   <div id=\"text-box-671209453\" class=\"text-box banner-layer x5 md-x5 lg-x5 y50 md-y50 lg-y50 res-text\">\n                                <div class=\"text-box-content text box-shadow-3\">\n              \n              <div class=\"text-inner text-left\">\n                  \n\n<h2 class=\"uppercase\"><strong><a href=\"https:\/\/coolstyle.ch\/fr\/event\/fete-coolstyle-save-the-date\/\">Soir\u00e9e Coolstyle<\/a><br><\/strong><\/h2>\n<h3>  Citron Manegg Zurich<br>25. avril 2026<\/p>\n\n              <\/div>\n           <\/div>\n                            \n<style>\n#text-box-671209453 .text-box-content {\n  background-color: rgb(255, 255, 255);\n  font-size: 100%;\n}\n#text-box-671209453 .text-inner {\n  padding: 30px 30px 30px 30px;\n}\n#text-box-671209453 {\n  width: 90%;\n}\n@media (min-width:550px) {\n  #text-box-671209453 {\n    width: 55%;\n  }\n}\n<\/style>\n    <\/div>\n \n\n        <\/div>\n      <\/div>\n\n            \n<style>\n#banner-1173198571 {\n  padding-top: 500px;\n  background-color: rgb(255, 255, 255);\n}\n#banner-1173198571 .overlay {\n  background-color: rgba(190, 190, 190, 0.2);\n}\n#banner-1173198571 .banner-bg img {\n  object-position: 0% 65%;\n}\n<\/style>\n  <\/div>\n\n\n\n\t\t<\/div>\n\t<\/div>\n\t\n\t<div id=\"accordion-3173748642\" class=\"accordion-item\">\n\t\t<a id=\"accordion-3173748642-label\" class=\"accordion-title plain\" href=\"#accordion-item-du-vendredi-15-au-dimanche-17-.-mai-2026---rheinfelden-\" aria-expanded=\"false\" aria-controls=\"accordion-3173748642-content\">\n\t\t\t<button class=\"toggle\" aria-label=\"Basculer\"><i class=\"icon-angle-down\" aria-hidden=\"true\"><\/i><\/button>\n\t\t\t<span>Du vendredi 15 au dimanche 17 . Mai 2026 - Rheinfelden <\/span>\n\t\t<\/a>\n\t\t<div id=\"accordion-3173748642-content\" class=\"accordion-inner\" aria-labelledby=\"accordion-3173748642-label\">\n\t\t\t\n\n\n  <div class=\"banner has-hover\" id=\"banner-2076007542\">\n          <div class=\"banner-inner fill\">\n        <div class=\"banner-bg fill\" >\n            <img loading=\"lazy\" decoding=\"async\" width=\"1190\" height=\"448\" src=\"https:\/\/coolstyle.ch\/wp-content\/uploads\/2026\/02\/Rheinfelden.jpg\" class=\"bg attachment-original size-original\" alt=\"\" \/>                        <div class=\"overlay\"><\/div>            \n                    <\/div>\n\t\t\n        <div class=\"banner-layers container\">\n            <a class=\"fill\" href=\"https:\/\/bak-roots.ch\/\" target=\"_blank\" rel=\"noopener nofollow\"><div class=\"fill banner-link\"><\/div><\/a>            \n\n   <div id=\"text-box-1341982394\" class=\"text-box banner-layer x5 md-x5 lg-x5 y50 md-y50 lg-y50 res-text\">\n                                <div class=\"text-box-content text box-shadow-3\">\n              \n              <div class=\"text-inner text-left\">\n                  \n\n<h2 class=\"uppercase\"><strong><a href=\"https:\/\/bak-roots.ch\/\/\" rel=\"nofollow noopener\" target=\"_blank\">Festival des cultures<\/a><br><\/strong><\/h2>\n<h3>Rheinfelden<br>15-17 mai 2026<\/p>\n\n              <\/div>\n           <\/div>\n                            \n<style>\n#text-box-1341982394 .text-box-content {\n  background-color: rgb(255, 255, 255);\n  font-size: 100%;\n}\n#text-box-1341982394 .text-inner {\n  padding: 30px 30px 30px 30px;\n}\n#text-box-1341982394 {\n  width: 90%;\n}\n@media (min-width:550px) {\n  #text-box-1341982394 {\n    width: 55%;\n  }\n}\n<\/style>\n    <\/div>\n \n\n        <\/div>\n      <\/div>\n\n            \n<style>\n#banner-2076007542 {\n  padding-top: 500px;\n  background-color: rgb(255, 255, 255);\n}\n#banner-2076007542 .overlay {\n  background-color: rgba(190, 190, 190, 0.2);\n}\n#banner-2076007542 .banner-bg img {\n  object-position: 0% 65%;\n}\n<\/style>\n  <\/div>\n\n\n\n\t\t<\/div>\n\t<\/div>\n\t\n\t<div id=\"accordion-3408583165\" class=\"accordion-item\">\n\t\t<a id=\"accordion-3408583165-label\" class=\"accordion-title plain\" href=\"#accordion-item-jeudi-23---samedi-25-mai-2026---pentec\u00f4te-africaine\" aria-expanded=\"false\" aria-controls=\"accordion-3408583165-content\">\n\t\t\t<button class=\"toggle\" aria-label=\"Basculer\"><i class=\"icon-angle-down\" aria-hidden=\"true\"><\/i><\/button>\n\t\t\t<span>Jeudi 23 - Samedi 25 mai 2026 - Pentec\u00f4te africaine<\/span>\n\t\t<\/a>\n\t\t<div id=\"accordion-3408583165-content\" class=\"accordion-inner\" aria-labelledby=\"accordion-3408583165-label\">\n\t\t\t\n\n\n  <div class=\"banner has-hover\" id=\"banner-211633383\">\n          <div class=\"banner-inner fill\">\n        <div class=\"banner-bg fill\" >\n            <img loading=\"lazy\" decoding=\"async\" width=\"2560\" height=\"1075\" src=\"https:\/\/coolstyle.ch\/wp-content\/uploads\/2026\/02\/IMG_0114-scaled.webp\" class=\"bg attachment-original size-original\" alt=\"\" \/>                        <div class=\"overlay\"><\/div>            \n                    <\/div>\n\t\t\n        <div class=\"banner-layers container\">\n            <a class=\"fill\" href=\"https:\/\/www.afro-pfingsten.ch\/\" target=\"_blank\" rel=\"noopener nofollow\"><div class=\"fill banner-link\"><\/div><\/a>            \n\n   <div id=\"text-box-397162232\" class=\"text-box banner-layer x5 md-x5 lg-x5 y50 md-y50 lg-y50 res-text\">\n                                <div class=\"text-box-content text box-shadow-3\">\n              \n              <div class=\"text-inner text-left\">\n                  \n\n<h2 class=\"uppercase\"><strong><a href=\"https:\/\/www.afro-pfingsten.ch\/\" rel=\"nofollow noopener\" target=\"_blank\">Pentec\u00f4te africaine<\/a><br><\/strong><\/h2>\n<h3>Winterthur<br>23-25 mai 2026<\/p>\n\n              <\/div>\n           <\/div>\n                            \n<style>\n#text-box-397162232 .text-box-content {\n  background-color: rgb(255, 255, 255);\n  font-size: 100%;\n}\n#text-box-397162232 .text-inner {\n  padding: 30px 30px 30px 30px;\n}\n#text-box-397162232 {\n  width: 90%;\n}\n@media (min-width:550px) {\n  #text-box-397162232 {\n    width: 55%;\n  }\n}\n<\/style>\n    <\/div>\n \n\n        <\/div>\n      <\/div>\n\n            \n<style>\n#banner-211633383 {\n  padding-top: 500px;\n  background-color: rgb(255, 255, 255);\n}\n#banner-211633383 .overlay {\n  background-color: rgba(190, 190, 190, 0.2);\n}\n#banner-211633383 .banner-bg img {\n  object-position: 0% 65%;\n}\n<\/style>\n  <\/div>\n\n\n\n\t\t<\/div>\n\t<\/div>\n\t\n\t<div id=\"accordion-2637118882\" class=\"accordion-item\">\n\t\t<a id=\"accordion-2637118882-label\" class=\"accordion-title plain\" href=\"#accordion-item-samedi-20.6.2026-africa-day---saint-gall\" aria-expanded=\"false\" aria-controls=\"accordion-2637118882-content\">\n\t\t\t<button class=\"toggle\" aria-label=\"Basculer\"><i class=\"icon-angle-down\" aria-hidden=\"true\"><\/i><\/button>\n\t\t\t<span>Samedi 20.6.2026 Africa Day - Saint-Gall<\/span>\n\t\t<\/a>\n\t\t<div id=\"accordion-2637118882-content\" class=\"accordion-inner\" aria-labelledby=\"accordion-2637118882-label\">\n\t\t\t\n\n\n  <div class=\"banner has-hover\" id=\"banner-1696117104\">\n          <div class=\"banner-inner fill\">\n        <div class=\"banner-bg fill\" >\n            <img loading=\"lazy\" decoding=\"async\" width=\"1080\" height=\"1350\" src=\"https:\/\/coolstyle.ch\/wp-content\/uploads\/2026\/04\/c52a9c78-5101-45a5-812d-e38a68475bb9.jpeg\" class=\"bg attachment-original size-original\" alt=\"\" \/>                        <div class=\"overlay\"><\/div>            \n                    <\/div>\n\t\t\n        <div class=\"banner-layers container\">\n            <a class=\"fill\" href=\"https:\/\/www.afro-pfingsten.ch\/\" target=\"_blank\" rel=\"noopener nofollow\"><div class=\"fill banner-link\"><\/div><\/a>            \n\n   <div id=\"text-box-1113377157\" class=\"text-box banner-layer x5 md-x5 lg-x5 y50 md-y50 lg-y50 res-text\">\n                                <div class=\"text-box-content text box-shadow-3\">\n              \n              <div class=\"text-inner text-left\">\n                  \n\n<h2 class=\"uppercase\"><strong>Journ\u00e9e de l&rsquo;Afrique<\/a><br><\/strong><\/h2>\n<h3>Bach Areal St. Gallen<br>20. juin 2026<\/p>\n\n              <\/div>\n           <\/div>\n                            \n<style>\n#text-box-1113377157 .text-box-content {\n  background-color: rgb(255, 255, 255);\n  font-size: 100%;\n}\n#text-box-1113377157 .text-inner {\n  padding: 30px 30px 30px 30px;\n}\n#text-box-1113377157 {\n  width: 90%;\n}\n@media (min-width:550px) {\n  #text-box-1113377157 {\n    width: 55%;\n  }\n}\n<\/style>\n    <\/div>\n \n\n        <\/div>\n      <\/div>\n\n            \n<style>\n#banner-1696117104 {\n  padding-top: 500px;\n  background-color: rgb(255, 255, 255);\n}\n#banner-1696117104 .overlay {\n  background-color: rgba(190, 190, 190, 0.2);\n}\n#banner-1696117104 .banner-bg img {\n  object-position: 0% 65%;\n}\n<\/style>\n  <\/div>\n\n\n\n\t\t<\/div>\n\t<\/div>\n\t\n\t<div id=\"accordion-1706568897\" class=\"accordion-item\">\n\t\t<a id=\"accordion-1706568897-label\" class=\"accordion-title plain\" href=\"#accordion-item-3--5-juillet-2026---caliente\" aria-expanded=\"false\" aria-controls=\"accordion-1706568897-content\">\n\t\t\t<button class=\"toggle\" aria-label=\"Basculer\"><i class=\"icon-angle-down\" aria-hidden=\"true\"><\/i><\/button>\n\t\t\t<span>3 -5 juillet 2026 - Caliente<\/span>\n\t\t<\/a>\n\t\t<div id=\"accordion-1706568897-content\" class=\"accordion-inner\" aria-labelledby=\"accordion-1706568897-label\">\n\t\t\t\n\n\n  <div class=\"banner has-hover\" id=\"banner-898151314\">\n          <div class=\"banner-inner fill\">\n        <div class=\"banner-bg fill\" >\n            <img loading=\"lazy\" decoding=\"async\" width=\"1605\" height=\"1069\" src=\"https:\/\/coolstyle.ch\/wp-content\/uploads\/2026\/01\/Caliente-\u2013-Das-groesste-Latin-Festival-in-Zuerich-Schweiz.png\" class=\"bg attachment-original size-original\" alt=\"\" \/>                        <div class=\"overlay\"><\/div>            \n                    <\/div>\n\t\t\n        <div class=\"banner-layers container\">\n            <a class=\"fill\" href=\"https:\/\/www.caliente.ch\/\" target=\"_blank\" rel=\"noopener nofollow\"><div class=\"fill banner-link\"><\/div><\/a>            \n\n   <div id=\"text-box-34338104\" class=\"text-box banner-layer x5 md-x5 lg-x5 y50 md-y50 lg-y50 res-text\">\n                                <div class=\"text-box-content text box-shadow-3\">\n              \n              <div class=\"text-inner text-left\">\n                  \n\n<h2 class=\"uppercase\">Caliente<\/h2>\n<h3>Zone de la caserne<\/h3>\n<p>3-7 juillet 2026<\/p>\n\n              <\/div>\n           <\/div>\n                            \n<style>\n#text-box-34338104 .text-box-content {\n  background-color: rgb(255, 255, 255);\n  font-size: 100%;\n}\n#text-box-34338104 .text-inner {\n  padding: 30px 30px 30px 30px;\n}\n#text-box-34338104 {\n  width: 90%;\n}\n@media (min-width:550px) {\n  #text-box-34338104 {\n    width: 40%;\n  }\n}\n<\/style>\n    <\/div>\n \n\n        <\/div>\n      <\/div>\n\n            \n<style>\n#banner-898151314 {\n  padding-top: 500px;\n  background-color: rgb(255, 255, 255);\n}\n#banner-898151314 .overlay {\n  background-color: rgba(190, 190, 190, 0.2);\n}\n#banner-898151314 .banner-bg img {\n  object-position: 0% 65%;\n}\n<\/style>\n  <\/div>\n\n\n\n\t\t<\/div>\n\t<\/div>\n\t\n\t<div id=\"accordion-743062586\" class=\"accordion-item\">\n\t\t<a id=\"accordion-743062586-label\" class=\"accordion-title plain\" href=\"#accordion-item-17---19-juillet-2026---reeds-festival---20-ans\" aria-expanded=\"false\" aria-controls=\"accordion-743062586-content\">\n\t\t\t<button class=\"toggle\" aria-label=\"Basculer\"><i class=\"icon-angle-down\" aria-hidden=\"true\"><\/i><\/button>\n\t\t\t<span>17 - 19 juillet 2026 - Reeds Festival - 20 ans<\/span>\n\t\t<\/a>\n\t\t<div id=\"accordion-743062586-content\" class=\"accordion-inner\" aria-labelledby=\"accordion-743062586-label\">\n\t\t\t\n\n\n  <div class=\"banner has-hover\" id=\"banner-1881811473\">\n          <div class=\"banner-inner fill\">\n        <div class=\"banner-bg fill\" >\n            <img loading=\"lazy\" decoding=\"async\" width=\"932\" height=\"492\" src=\"https:\/\/coolstyle.ch\/wp-content\/uploads\/2024\/10\/Reeds-2025.jpg\" class=\"bg attachment-original size-original\" alt=\"\" \/>                        <div class=\"overlay\"><\/div>            \n                    <\/div>\n\t\t\n        <div class=\"banner-layers container\">\n            <a class=\"fill\" href=\"https:\/\/www.reeds-festival.ch\/\" target=\"_blank\" rel=\"noopener nofollow\"><div class=\"fill banner-link\"><\/div><\/a>            \n\n   <div id=\"text-box-494515915\" class=\"text-box banner-layer x5 md-x5 lg-x5 y50 md-y50 lg-y50 res-text\">\n                                <div class=\"text-box-content text box-shadow-3\">\n              \n              <div class=\"text-inner text-left\">\n                  \n\n<h2 class=\"uppercase\"><strong><a href=\"https:\/\/www.reeds-festival.ch\/\" rel=\"nofollow noopener\" target=\"_blank\">Reeds<\/a><br><\/strong><\/h2>\n<h3>Pf\u00e4ffikon ZH<\/h3>\n<p>17.-19.. Juillet 2026<\/p>\n\n              <\/div>\n           <\/div>\n                            \n<style>\n#text-box-494515915 .text-box-content {\n  background-color: rgb(255, 255, 255);\n  font-size: 100%;\n}\n#text-box-494515915 .text-inner {\n  padding: 30px 30px 30px 30px;\n}\n#text-box-494515915 {\n  width: 90%;\n}\n@media (min-width:550px) {\n  #text-box-494515915 {\n    width: 40%;\n  }\n}\n<\/style>\n    <\/div>\n \n\n        <\/div>\n      <\/div>\n\n            \n<style>\n#banner-1881811473 {\n  padding-top: 500px;\n  background-color: rgb(255, 255, 255);\n}\n#banner-1881811473 .overlay {\n  background-color: rgba(190, 190, 190, 0.2);\n}\n#banner-1881811473 .banner-bg img {\n  object-position: 0% 65%;\n}\n<\/style>\n  <\/div>\n\n\n\n\t\t<\/div>\n\t<\/div>\n\t\n\t<div id=\"accordion-1124881812\" class=\"accordion-item\">\n\t\t<a id=\"accordion-1124881812-label\" class=\"accordion-title plain\" href=\"#accordion-item-d\u00e9cembre-2026---sacr\u00e9-oerlikon-zurich\" aria-expanded=\"false\" aria-controls=\"accordion-1124881812-content\">\n\t\t\t<button class=\"toggle\" aria-label=\"Basculer\"><i class=\"icon-angle-down\" aria-hidden=\"true\"><\/i><\/button>\n\t\t\t<span>D\u00e9cembre 2026 - Sacr\u00e9 Oerlikon Zurich<\/span>\n\t\t<\/a>\n\t\t<div id=\"accordion-1124881812-content\" class=\"accordion-inner\" aria-labelledby=\"accordion-1124881812-label\">\n\t\t\t\n\n\n  <div class=\"banner has-hover\" id=\"banner-247692979\">\n          <div class=\"banner-inner fill\">\n        <div class=\"banner-bg fill\" >\n            <img loading=\"lazy\" decoding=\"async\" width=\"1105\" height=\"668\" src=\"https:\/\/coolstyle.ch\/wp-content\/uploads\/2024\/10\/Bimbam.jpg\" class=\"bg attachment-original size-original\" alt=\"\" \/>                        <div class=\"overlay\"><\/div>            \n                    <\/div>\n\t\t\n        <div class=\"banner-layers container\">\n            <a class=\"fill\" href=\"https:\/\/www.montagsmarkt.ch\/heiliger-bimbam-weihnachtsmarkt-1\" target=\"_blank\" rel=\"noopener nofollow\"><div class=\"fill banner-link\"><\/div><\/a>            \n\n   <div id=\"text-box-2073583290\" class=\"text-box banner-layer x5 md-x5 lg-x5 y50 md-y50 lg-y50 res-text\">\n                                <div class=\"text-box-content text box-shadow-3\">\n              \n              <div class=\"text-inner text-left\">\n                  \n\n<h2 class=\"uppercase\"><a href=\"https:\/\/www.montagsmarkt.ch\/genussfest\" rel=\"nofollow noopener\" target=\"_blank\">Sacr\u00e9 nom de Dieu<\/a><\/h2>\n<h3>Zurich Oerlikon<\/h3>\n<p>D\u00e9cembre 2026<\/p>\n\n              <\/div>\n           <\/div>\n                            \n<style>\n#text-box-2073583290 .text-box-content {\n  background-color: rgb(255, 255, 255);\n  font-size: 100%;\n}\n#text-box-2073583290 .text-inner {\n  padding: 30px 30px 30px 30px;\n}\n#text-box-2073583290 {\n  width: 90%;\n}\n@media (min-width:550px) {\n  #text-box-2073583290 {\n    width: 40%;\n  }\n}\n<\/style>\n    <\/div>\n \n\n        <\/div>\n      <\/div>\n\n            \n<style>\n#banner-247692979 {\n  padding-top: 500px;\n  background-color: rgb(255, 255, 255);\n}\n#banner-247692979 .overlay {\n  background-color: rgba(190, 190, 190, 0.2);\n}\n#banner-247692979 .banner-bg img {\n  object-position: 0% 65%;\n}\n<\/style>\n  <\/div>\n\n\n\n\t\t<\/div>\n\t<\/div>\n\t\n\n<\/div>\n\t<div id=\"gap-1663028765\" class=\"gap-element clearfix\" style=\"display:block; height:auto;\">\n\t\t\n<style>\n#gap-1663028765 {\n  padding-top: 80px;\n}\n<\/style>\n\t<\/div>\n\t\n\n<h1>Points de vente<\/h1>\n<p>Rendez-nous visite dans nos popup stores<\/p>\n<div class=\"row\"  id=\"row-1653089802\">\n\n\n\t<div id=\"col-1554054987\" class=\"col medium-4 small-12 large-4\"  >\n\t\t\t\t<div class=\"col-inner\"  >\n\t\t\t\n\t\t\t\n\n\t<div class=\"box has-hover   has-hover box-badge hover-dark box-text-bottom\" >\n\n\t\t<div class=\"box-image\" >\n\t\t\t<a href=\"https:\/\/heimetlimitherz.ch\/\" target=\"_blank\" rel=\"noopener nofollow\">\t\t\t<div class=\"image-cover\" style=\"padding-top:100%;\">\n\t\t\t\t<img loading=\"lazy\" decoding=\"async\" width=\"684\" height=\"782\" src=\"https:\/\/coolstyle.ch\/wp-content\/uploads\/2023\/05\/Heimetli.jpg\" class=\"attachment- size-\" alt=\"\" srcset=\"https:\/\/coolstyle.ch\/wp-content\/uploads\/2023\/05\/Heimetli.jpg 684w, https:\/\/coolstyle.ch\/wp-content\/uploads\/2023\/05\/Heimetli-510x583.jpg 510w, https:\/\/coolstyle.ch\/wp-content\/uploads\/2023\/05\/Heimetli-350x400.jpg 350w\" sizes=\"auto, (max-width: 684px) 100vw, 684px\" \/>\t\t\t\t\t\t\t\t\t\t\t<\/div>\n\t\t\t<\/a>\t\t<\/div>\n\n\t\t<div class=\"box-text text-center\" >\n\t\t\t<div class=\"box-text-inner\">\n\t\t\t\t\n\n<h3 class=\"uppercase\">Heimetli avec c\u0153ur<\/h3>\n<p>Dorfstrasse<br>8805 Richterswil<\/p>\n<p><\/p>\n\n\t\t\t<\/div>\n\t\t<\/div>\n\t<\/div>\n\t\n\n\t\t<\/div>\n\t\t\t\t\n<style>\n#col-1554054987 > .col-inner {\n  margin: 0px 0px 50px 0px;\n}\n<\/style>\n\t<\/div>\n\n\t\n\n\t<div id=\"col-1290690549\" class=\"col medium-4 small-12 large-4\"  >\n\t\t\t\t<div class=\"col-inner\"  >\n\t\t\t\n\t\t\t\n\n\t<div class=\"box has-hover   has-hover box-badge hover-dark box-text-bottom\" >\n\n\t\t<div class=\"box-image\" >\n\t\t\t<a href=\"https:\/\/www.pfuenderli.ch\/\" target=\"_blank\" rel=\"noopener nofollow\">\t\t\t<div class=\"image-cover\" style=\"padding-top:100%;\">\n\t\t\t\t<img loading=\"lazy\" decoding=\"async\" width=\"2539\" height=\"963\" src=\"https:\/\/coolstyle.ch\/wp-content\/uploads\/2023\/05\/Pfuenderli.webp\" class=\"attachment- size-\" alt=\"\" srcset=\"https:\/\/coolstyle.ch\/wp-content\/uploads\/2023\/05\/Pfuenderli.webp 2539w, https:\/\/coolstyle.ch\/wp-content\/uploads\/2023\/05\/Pfuenderli-510x193.webp 510w, https:\/\/coolstyle.ch\/wp-content\/uploads\/2023\/05\/Pfuenderli-800x303.webp 800w, https:\/\/coolstyle.ch\/wp-content\/uploads\/2023\/05\/Pfuenderli-1400x531.webp 1400w, https:\/\/coolstyle.ch\/wp-content\/uploads\/2023\/05\/Pfuenderli-768x291.webp 768w, https:\/\/coolstyle.ch\/wp-content\/uploads\/2023\/05\/Pfuenderli-1536x583.webp 1536w, https:\/\/coolstyle.ch\/wp-content\/uploads\/2023\/05\/Pfuenderli-2048x777.webp 2048w\" sizes=\"auto, (max-width: 2539px) 100vw, 2539px\" \/>\t\t\t\t\t\t\t\t\t\t\t<\/div>\n\t\t\t<\/a>\t\t<\/div>\n\n\t\t<div class=\"box-text text-center\" >\n\t\t\t<div class=\"box-text-inner\">\n\t\t\t\t\n\n<h3 class=\"uppercase\">Poches<\/h3>\n<p>Allmend 3<\/p>\n<p>8967 Widen<\/p>\n\n\t\t\t<\/div>\n\t\t<\/div>\n\t<\/div>\n\t\n\n\t\t<\/div>\n\t\t\t\t\n<style>\n#col-1290690549 > .col-inner {\n  padding: 0px 0px 0px 0px;\n  margin: 0px 0px 50px 0px;\n}\n<\/style>\n\t<\/div>\n\n\t\n\n\t<div id=\"col-1873726260\" class=\"col medium-4 small-12 large-4\"  >\n\t\t\t\t<div class=\"col-inner\"  >\n\t\t\t\n\t\t\t\n\n\t<div class=\"box has-hover   has-hover box-badge hover-dark box-text-bottom\" >\n\n\t\t<div class=\"box-image\" >\n\t\t\t<a href=\"https:\/\/ahoi-ladencafe.ch\/\" target=\"_blank\" rel=\"noopener nofollow\">\t\t\t<div class=\"image-cover\" style=\"padding-top:100%;\">\n\t\t\t\t<img loading=\"lazy\" decoding=\"async\" width=\"300\" height=\"225\" src=\"https:\/\/coolstyle.ch\/wp-content\/uploads\/2023\/05\/Ahoi.jpg\" class=\"attachment- size-\" alt=\"\" \/>\t\t\t\t\t\t\t\t\t\t\t<\/div>\n\t\t\t<\/a>\t\t<\/div>\n\n\t\t<div class=\"box-text text-center\" >\n\t\t\t<div class=\"box-text-inner\">\n\t\t\t\t\n\n<h3 class=\"uppercase\">Caf\u00e9 boutique Ahoi<\/h3>\n<p>Schiffbaustrasse 9b <br> Zurich<\/p>\n\n\t\t\t<\/div>\n\t\t<\/div>\n\t<\/div>\n\t\n\n\t\t<\/div>\n\t\t\t\t\n<style>\n#col-1873726260 > .col-inner {\n  margin: 0px 0px 50px 0px;\n}\n<\/style>\n\t<\/div>\n\n\t\n\n<\/div>\n\n","protected":false},"excerpt":{"rendered":"","protected":false},"author":1,"featured_media":0,"parent":0,"menu_order":0,"comment_status":"closed","ping_status":"closed","template":"","meta":{"_price":"","_stock":"","_tribe_ticket_header":"","_tribe_default_ticket_provider":"","_tribe_ticket_capacity":"0","_ticket_start_date":"","_ticket_end_date":"","_tribe_ticket_show_description":"","_tribe_ticket_show_not_going":false,"_tribe_ticket_use_global_stock":"","_tribe_ticket_global_stock_level":"","_global_stock_mode":"","_global_stock_cap":"","_tribe_rsvp_for_event":"","_tribe_ticket_going_count":"","_tribe_ticket_not_going_count":"","_tribe_tickets_list":"[]","_tribe_ticket_has_attendee_info_fields":false,"footnotes":"","_tec_slr_enabled":"","_tec_slr_layout":""},"class_list":["post-10217","page","type-page","status-publish","hentry"],"ticketed":false,"_links":{"self":[{"href":"https:\/\/coolstyle.ch\/fr\/wp-json\/wp\/v2\/pages\/10217","targetHints":{"allow":["GET"]}}],"collection":[{"href":"https:\/\/coolstyle.ch\/fr\/wp-json\/wp\/v2\/pages"}],"about":[{"href":"https:\/\/coolstyle.ch\/fr\/wp-json\/wp\/v2\/types\/page"}],"author":[{"embeddable":true,"href":"https:\/\/coolstyle.ch\/fr\/wp-json\/wp\/v2\/users\/1"}],"replies":[{"embeddable":true,"href":"https:\/\/coolstyle.ch\/fr\/wp-json\/wp\/v2\/comments?post=10217"}],"version-history":[{"count":45,"href":"https:\/\/coolstyle.ch\/fr\/wp-json\/wp\/v2\/pages\/10217\/revisions"}],"predecessor-version":[{"id":19408,"href":"https:\/\/coolstyle.ch\/fr\/wp-json\/wp\/v2\/pages\/10217\/revisions\/19408"}],"wp:attachment":[{"href":"https:\/\/coolstyle.ch\/fr\/wp-json\/wp\/v2\/media?parent=10217"}],"curies":[{"name":"wp","href":"https:\/\/api.w.org\/{rel}","templated":true}]}}